{"id":186,"date":"2023-08-31T11:32:15","date_gmt":"2023-08-31T09:32:15","guid":{"rendered":"https:\/\/gite-chezjacquesetmado.fr\/?page_id=186"},"modified":"2023-09-13T11:33:01","modified_gmt":"2023-09-13T09:33:01","slug":"reservations","status":"publish","type":"page","link":"https:\/\/gite-chezjacquesetmado.fr\/index.php\/reservations\/","title":{"rendered":"R\u00e9servations"},"content":{"rendered":"\n<p>Pour r\u00e9server votre s\u00e9jour \u00e0 La Maison Carr\u00e9e **** :<\/p>\n\n\n\n<ul class=\"wp-block-list\">\n<li>s\u00e9lectionnez sur le calendrier la date \u00e0 laquelle vous souhaitez arriver<\/li>\n<\/ul>\n\n\n\n<ul class=\"wp-block-list\">\n<li>choisissez la dur\u00e9e de votre s\u00e9jour selon les propositions dans le menu d\u00e9roulant<\/li>\n\n\n\n<li>cliquez sur r\u00e9server et laissez vous guider !<\/li>\n<\/ul>\n\n\n\n<script type=\"text\/javascript\" src=\"\/\/gadget.open-system.fr\/widgets-libs\/rel\/noyau-1.0.min.js\"><\/script>\n<script type=\"text\/javascript\">\n( function() {\n\tvar widgetProduit = AllianceReseaux.Widget.Instance( \"Produit\", { idPanier:\"SRZLSUk\", idIntegration:1269, langue:\"fr\", ui:\"OSMB-130075-1\" } );\n\twidgetProduit.Initialise();\n})();\n<\/script>\n\n<div id=\"widget-produit-OSMB-130075-1\"><\/div>\n\n\n\n<p>Au plaisir de vous accueillir !<\/p>\n","protected":false},"excerpt":{"rendered":"<p>Pour r\u00e9server votre s\u00e9jour \u00e0 La Maison Carr\u00e9e **** : Au plaisir de vous accueillir !<\/p>\n","protected":false},"author":1,"featured_media":0,"parent":0,"menu_order":0,"comment_status":"closed","ping_status":"closed","template":"","meta":{"footnotes":""},"class_list":["post-186","page","type-page","status-publish","hentry"],"_links":{"self":[{"href":"https:\/\/gite-chezjacquesetmado.fr\/index.php\/wp-json\/wp\/v2\/pages\/186","targetHints":{"allow":["GET"]}}],"collection":[{"href":"https:\/\/gite-chezjacquesetmado.fr\/index.php\/wp-json\/wp\/v2\/pages"}],"about":[{"href":"https:\/\/gite-chezjacquesetmado.fr\/index.php\/wp-json\/wp\/v2\/types\/page"}],"author":[{"embeddable":true,"href":"https:\/\/gite-chezjacquesetmado.fr\/index.php\/wp-json\/wp\/v2\/users\/1"}],"replies":[{"embeddable":true,"href":"https:\/\/gite-chezjacquesetmado.fr\/index.php\/wp-json\/wp\/v2\/comments?post=186"}],"version-history":[{"count":8,"href":"https:\/\/gite-chezjacquesetmado.fr\/index.php\/wp-json\/wp\/v2\/pages\/186\/revisions"}],"predecessor-version":[{"id":231,"href":"https:\/\/gite-chezjacquesetmado.fr\/index.php\/wp-json\/wp\/v2\/pages\/186\/revisions\/231"}],"wp:attachment":[{"href":"https:\/\/gite-chezjacquesetmado.fr\/index.php\/wp-json\/wp\/v2\/media?parent=186"}],"curies":[{"name":"wp","href":"https:\/\/api.w.org\/{rel}","templated":true}]}}